{"id":273,"date":"2025-07-10T02:19:16","date_gmt":"2025-07-10T00:19:16","guid":{"rendered":"https:\/\/allesfragen.de\/fragen\/frage\/fahrrad-kindersitz-vorne-oder-hinten\/"},"modified":"2025-07-10T02:19:16","modified_gmt":"2025-07-10T00:19:16","slug":"fahrrad-kindersitz-vorne-oder-hinten","status":"publish","type":"question","link":"https:\/\/allesfragen.de\/fragen\/frage\/fahrrad-kindersitz-vorne-oder-hinten\/","title":{"rendered":"Fahrrad Kindersitz vorne oder hinten?"},"content":{"rendered":"<p>Wir suchen aktuell nach einem Kindersitz f\u00fcr ein einfaches Damenrad. Jetzt haben wir bei der Recherche festgestellt, dass es Meinungen f\u00fcr und gegen Kindersitze vorne aber auch hinten gibt. Was ist eure Meinung und was k\u00f6nnte die sichere L\u00f6sung sein?<\/p>\n","protected":false},"author":1335,"featured_media":0,"comment_status":"open","ping_status":"closed","template":"","question-category":[49],"question_tags":[75,76],"class_list":["post-273","question","type-question","status-publish","hentry","question-category-fahrzeuge-mobilitaet","question_tags-fahrrad","question_tags-kindersitz"],"_links":{"self":[{"href":"https:\/\/allesfragen.de\/fragen\/wp-json\/wp\/v2\/question\/273","targetHints":{"allow":["GET"]}}],"collection":[{"href":"https:\/\/allesfragen.de\/fragen\/wp-json\/wp\/v2\/question"}],"about":[{"href":"https:\/\/allesfragen.de\/fragen\/wp-json\/wp\/v2\/types\/question"}],"author":[{"embeddable":true,"href":"https:\/\/allesfragen.de\/fragen\/wp-json\/wp\/v2\/users\/1335"}],"replies":[{"embeddable":true,"href":"https:\/\/allesfragen.de\/fragen\/wp-json\/wp\/v2\/comments?post=273"}],"wp:attachment":[{"href":"https:\/\/allesfragen.de\/fragen\/wp-json\/wp\/v2\/media?parent=273"}],"wp:term":[{"taxonomy":"question-category","embeddable":true,"href":"https:\/\/allesfragen.de\/fragen\/wp-json\/wp\/v2\/question-category?post=273"},{"taxonomy":"question_tags","embeddable":true,"href":"https:\/\/allesfragen.de\/fragen\/wp-json\/wp\/v2\/question_tags?post=273"}],"curies":[{"name":"wp","href":"https:\/\/api.w.org\/{rel}","templated":true}]}}